{"id":82890,"date":"2023-11-18T20:07:25","date_gmt":"2023-11-18T20:07:25","guid":{"rendered":"https:\/\/www.condepoveda.com\/?page_id=82890"},"modified":"2024-07-11T07:53:13","modified_gmt":"2024-07-11T07:53:13","slug":"article-pla-participatiu","status":"publish","type":"page","link":"https:\/\/www.condepoveda.com\/en\/article-pla-participatiu\/","title":{"rendered":"ARTICLE: Pla d&#8217;Habitatge Participatiu"},"content":{"rendered":"<div class=\"wpb-content-wrapper\"><div data-parent=\"true\" class=\"vc_row row-container\" id=\"row-unique-0\"><div class=\"row limit-width row-parent\"><div class=\"wpb_row row-inner\"><div class=\"wpb_column pos-top pos-center align_left column_parent col-lg-12 single-internal-gutter\"><div class=\"uncol style-light\"  ><div class=\"uncoltable\"><div class=\"uncell no-block-padding\" ><div class=\"uncont\"><div class=\"uncode-single-media  text-left\"><div class=\"single-wrapper\" style=\"max-width: 100%;\"><div class=\"tmb tmb-light  tmb-media-first tmb-media-last tmb-content-overlay tmb-no-bg\"><div class=\"t-inside\"><div class=\"t-entry-visual\"><div class=\"t-entry-visual-tc\"><div class=\"uncode-single-media-wrapper\"><img decoding=\"async\" class=\"wp-image-82891\" src=\"https:\/\/www.condepoveda.com\/wp-content\/uploads\/2023\/11\/WhatsApp-Image-2023-10-27-at-14.51.12.jpeg\" width=\"1277\" height=\"783\" alt=\"\" srcset=\"https:\/\/www.condepoveda.com\/wp-content\/uploads\/2023\/11\/WhatsApp-Image-2023-10-27-at-14.51.12.jpeg 1277w, https:\/\/www.condepoveda.com\/wp-content\/uploads\/2023\/11\/WhatsApp-Image-2023-10-27-at-14.51.12-600x368.jpeg 600w, https:\/\/www.condepoveda.com\/wp-content\/uploads\/2023\/11\/WhatsApp-Image-2023-10-27-at-14.51.12-300x184.jpeg 300w, https:\/\/www.condepoveda.com\/wp-content\/uploads\/2023\/11\/WhatsApp-Image-2023-10-27-at-14.51.12-1080x662.jpeg 1080w, https:\/\/www.condepoveda.com\/wp-content\/uploads\/2023\/11\/WhatsApp-Image-2023-10-27-at-14.51.12-768x471.jpeg 768w, https:\/\/www.condepoveda.com\/wp-content\/uploads\/2023\/11\/WhatsApp-Image-2023-10-27-at-14.51.12-350x215.jpeg 350w\" sizes=\"(max-width: 1277px) 100vw, 1277px\" \/><\/div>\n\t\t\t\t\t<\/div>\n\t\t\t\t<\/div><\/div><\/div><\/div><\/div><\/div><\/div><\/div><\/div><\/div><script id=\"script-row-unique-0\" data-row=\"script-row-unique-0\" type=\"text\/javascript\" class=\"vc_controls\">UNCODE.initRow(document.getElementById(\"row-unique-0\"));<\/script><\/div><\/div><\/div><div data-parent=\"true\" class=\"vc_row row-container\" id=\"row-unique-1\"><div class=\"row limit-width row-parent\"><div class=\"wpb_row row-inner\"><div class=\"wpb_column pos-top pos-center align_left column_parent col-lg-12 single-internal-gutter\"><div class=\"uncol style-light\"  ><div class=\"uncoltable\"><div class=\"uncell no-block-padding\" ><div class=\"uncont\"><div class=\"uncode_text_column\" ><\/p>\n<h1><strong>&#8220;Pla Local d&#8217;Habitatge&#8230; participatiu?&#8221;<\/strong><\/h1>\n<h3><em>(27\/10\/23 a l&#8217;Eco de Sitges\/Ribes)<\/em><\/h3>\n<blockquote>\n<h2><em><strong>L&#8217;esborrany destaca per errors garrafals que haguessin sigut advertits per qualsevol.<\/strong><\/em><\/h2>\n<\/blockquote>\n<p><span style=\"font-weight: 400;\">El govern municipal de Sant Pere de Ribes ha anunciat recentment la posada en marxa d&#8217;un nou Pla Local d&#8217;Habitatge per fer una diagnosi de la situaci\u00f3 actual i planificar les pol\u00edtiques en aquesta mat\u00e8ria durant el per\u00edode 2023-2028. Una not\u00edcia que molts esper\u00e0vem i reclam\u00e0vem des de fa una pila d&#8217;anys i \u00e9s que l&#8217;anterior era del per\u00edode 2009-2014. Feia 9 anys que restava caducat! Sobta que amb la demanda tan gran que hi ha d\u2019habitatge de preu assequible, hagi costat tant que el govern posi fil a l\u2019agulla a la necessitat de fer una estrat\u00e8gia global de municipi per a garantir l\u2019acc\u00e9s universal i digne a un dret tan fonamental.<\/span><\/p>\n<p>&nbsp;<\/p>\n<p><span style=\"font-weight: 400;\">L\u2019anterior Pla estava marcat per l\u2019esclat de la bombolla immobili\u00e0ria, per\u00f2, aix\u00ed i tot, mantenia les expectatives de supercreixement demogr\u00e0fic mitjan\u00e7ant les inversions segures en el totxo que havia incentivat medi\u00e0ticament i pol\u00edticament tot l&#8217;aparell especulatiu liberal de l&#8217;empresariat espanyol i que va inocular-se en la poblaci\u00f3. Perqu\u00e8 ens fem una idea, en aquell Pla es preveia la construcci\u00f3 de 5.155 nous habitatges en l&#8217;horitz\u00f3 del 2014, dels quals finalment nom\u00e9s se&#8217;n van construir 324. \u00c9s per aix\u00f2, que \u00e9s fonamental que el nou Pla Local d\u2019Habitatge es faci d\u2019una manera veritablement participativa partint d\u2019una diagnosi real del que viu dia a dia la gent del nostre municipi i amb l\u2019objectiu de voler ampliar de manera ambiciosa el parc municipal d\u2019habitatge destinat al lloguer assequible.\u00a0<\/span><\/p>\n<p>&nbsp;<\/p>\n<p><span style=\"font-weight: 400;\">Per\u00f2, malauradament no \u00e9s el que ara per ara ens hem trobat i \u00e9s el que el govern ja ha desvelat que vol despatxar aquest \u201cproc\u00e9s participatiu\u201d amb la convocat\u00f2ria de dues xerrades obertes aquest mes d\u2019octubre i d\u2019una enquesta online (tamb\u00e9 amb una reuni\u00f3 amb grups pol\u00edtics i oposici\u00f3 als que ni tan sols els van enviar la documentaci\u00f3 pr\u00e8viament). I amb aquestes molles, a la darrera reuni\u00f3 de la Mesa Local d\u2019Habitatge que hi vaig assistir (el passat dia 4), el govern ens va anunciar que el seu objectiu era aprovar el Pla el mes de desembre o el m\u00e9s de gener com a molt tard. Dates que demostren que no hi ha cap inter\u00e8s real en estudiar i incorporar de veritat les reflexions de la ciutadania i la resta de grups i col\u00b7lectius.\u00a0\u00a0<\/span><\/p>\n<p>&nbsp;<\/p>\n<p><span style=\"font-weight: 400;\">I \u00e9s que com ja vam advertir &#8211; i malauradament no se&#8217;ns ha fet cas &#8211; un projecte com aquest perqu\u00e8 sigui funcional ha de comptar amb la ciutadania des de bon principi. Ja que, si no partir\u00e0s des d&#8217;unes dades de diagnosi \u00fanicament fetes des del punt de vista de t\u00e8cnics forans i que no representaran realment a Sant Pere de Ribes. I com ja tem\u00edem, el primer esborrany de document de s\u00edntesi que han fet arribar als grups de l&#8217;oposici\u00f3 destaca per errors tan garrafals que haguessin sigut advertits per qualsevol ve\u00ed o ve\u00efna del municipi (pel que sembla a excepci\u00f3 dels que formen el nostre govern). Per exemple, no desglossen els preus de lloguer de manera diferenciada entre Ribes i Les Roquetes quan nom\u00e9s haurien d&#8217;haver reclamat a l\u2019INCAS\u00d2L que els hi enviessin l&#8217;estad\u00edstica segons codi postal. Ah! I aix\u00ed descriu aquest document la nostra localitat:<\/span><i><span style=\"font-weight: 400;\"> &#8220;El municipi de Sant Pere de Ribes est\u00e0 constitu\u00eft per dues polaritats, Sant Pere i Roquetes&#8230;&#8221;<\/span><\/i><span style=\"font-weight: 400;\"> \u00c9s que no han anomenat b\u00e9 cap dels dos grans nuclis! Ai! Tanta espera i tan poca endre\u00e7a!<\/span><\/p>\n<\/div><\/div><\/div><\/div><\/div><\/div><script id=\"script-row-unique-1\" data-row=\"script-row-unique-1\" type=\"text\/javascript\" class=\"vc_controls\">UNCODE.initRow(document.getElementById(\"row-unique-1\"));<\/script><\/div><\/div><\/div>\n<\/div>","protected":false},"excerpt":{"rendered":"&#8220;Pla Local d&#8217;Habitatge&#8230; participatiu?&#8221; (27\/10\/23 a l&#8217;Eco de Sitges\/Ribes) L&#8217;esborrany destaca per errors garrafals que haguessin sigut advertits per qualsevol. [...]","protected":false},"author":2,"featured_media":0,"parent":0,"menu_order":0,"comment_status":"closed","ping_status":"closed","template":"","meta":{"_exactmetrics_skip_tracking":false,"_exactmetrics_sitenote_active":false,"_exactmetrics_sitenote_note":"","_exactmetrics_sitenote_category":0,"footnotes":""},"class_list":["post-82890","page","type-page","status-publish","hentry"],"_links":{"self":[{"href":"https:\/\/www.condepoveda.com\/en\/wp-json\/wp\/v2\/pages\/82890","targetHints":{"allow":["GET"]}}],"collection":[{"href":"https:\/\/www.condepoveda.com\/en\/wp-json\/wp\/v2\/pages"}],"about":[{"href":"https:\/\/www.condepoveda.com\/en\/wp-json\/wp\/v2\/types\/page"}],"author":[{"embeddable":true,"href":"https:\/\/www.condepoveda.com\/en\/wp-json\/wp\/v2\/users\/2"}],"replies":[{"embeddable":true,"href":"https:\/\/www.condepoveda.com\/en\/wp-json\/wp\/v2\/comments?post=82890"}],"version-history":[{"count":3,"href":"https:\/\/www.condepoveda.com\/en\/wp-json\/wp\/v2\/pages\/82890\/revisions"}],"predecessor-version":[{"id":82934,"href":"https:\/\/www.condepoveda.com\/en\/wp-json\/wp\/v2\/pages\/82890\/revisions\/82934"}],"wp:attachment":[{"href":"https:\/\/www.condepoveda.com\/en\/wp-json\/wp\/v2\/media?parent=82890"}],"curies":[{"name":"wp","href":"https:\/\/api.w.org\/{rel}","templated":true}]}}